{"id":36739,"date":"2015-09-08T17:59:09","date_gmt":"2015-09-08T17:59:09","guid":{"rendered":"http:\/\/viatgespoblenou.com\/?page_id=36739"},"modified":"2017-08-25T13:32:02","modified_gmt":"2017-08-25T13:32:02","slug":"alps-franc-sui%cc%88ssos","status":"publish","type":"page","link":"http:\/\/viatgespoblenou.com\/es\/alps-franc-sui%cc%88ssos\/","title":{"rendered":"Alpes Franco Suizos"},"content":{"rendered":"<section class=\"wpb-content-wrapper\"><p>[vc_row][vc_column width=\u00bb1\/2&#8243;][vc_column_text]<strong>Si eres amante de la nieve, \u00a1\u00a1Solic\u00edtanos incluir un d\u00eda de esqu\u00ed en las pistas de Morzine-Avoriaz!!<\/strong><\/p>\n<p>1er d\u00eda: Escuela &#8211; Noche en ruta<br \/>\n2\u00ba d\u00eda: Ginebra &#8211; Morzine<br \/>\n3er d\u00eda: Yvoire (o Evian) &#8211; Lausana<br \/>\n4\u00ba d\u00eda: Chamonix &#8211; Montblanc<br \/>\n5\u00ba d\u00eda: Annecy &#8211; Chamb\u00e9ry &#8211; Noche en ruta<br \/>\n6\u00ba d\u00eda: Llegada a la escuela<\/p>\n<p><strong>El precio incluye:<\/strong><\/p>\n<p>Autocar a disposici\u00f3n seg\u00fan itinerario (respetando la normativa)<br \/>\nTrayecto barco Yvoire o Evian (seg\u00fan temporada) &#8211; Lausana<br \/>\n3 noches de hotel en media pensi\u00f3n en Morzine o alrededores tipo hotel Le Cr\u00eat<br \/>\nIda &#8211; vuelta en el tren Le puerto de la Gare Montenvers &#8211; Cremallera<br \/>\nAcceso a la Grotte de Glace y el telecabina<br \/>\nVisita a la galer\u00eda de piedras preciosas<br \/>\nVisita del Templo de la Nature (film retrospectivo, en franc\u00e9s o ingl\u00e9s)<br \/>\nVisita del Glaciorium (espacio l\u00fadico dedicado al historia de los glaciares)<br \/>\nGu\u00eda acompa\u00f1ante de la agencia durante todo el viaje<br \/>\nSeguro de viaje.<br \/>\nP\u00f3liza de responsabilidad civil para los profesos<br \/>\nTalonarios de autofinanciaci\u00f3n<br \/>\nGratuidades para profesores<\/p>\n<p>[\/vc_column_text][vc_empty_space height=\u00bb30px\u00bb][vc_single_image image=\u00bb37137&#8243; img_size=\u00bbfull\u00bb onclick=\u00bbcustom_link\u00bb link=\u00bbhttp:\/\/viatgespoblenou.com\/es\/pressupost\/\u00bb][\/vc_column][vc_column width=\u00bb1\/2&#8243;][rev_slider_vc alias=\u00bbalgustcast\u00bb][\/vc_column][\/vc_row][vc_row][vc_column][vc_empty_space height=\u00bb70px\u00bb][\/vc_column][\/vc_row]<\/p>\n<\/section>","protected":false},"excerpt":{"rendered":"<p>[vc_row][vc_column width=\u00bb1\/2&#8243;][vc_column_text]Si eres amante de la nieve, \u00a1\u00a1Solic\u00edtanos incluir un d\u00eda de esqu\u00ed en las pistas de Morzine-Avoriaz!! 1er d\u00eda: Escuela &#8211; Noche en ruta 2\u00ba d\u00eda: Ginebra &#8211; Morzine 3er d\u00eda: Yvoire (o Evian) &#8211; Lausana 4\u00ba d\u00eda: Chamonix &#8211; Montblanc 5\u00ba d\u00eda: Annecy &#8211; Chamb\u00e9ry &#8211; Noche en ruta 6\u00ba d\u00eda: Llegada a&hellip;<\/p>\n","protected":false},"author":1,"featured_media":0,"parent":0,"menu_order":0,"comment_status":"open","ping_status":"open","template":"","meta":[],"yoast_head":"<!-- This site is optimized with the Yoast SEO plugin v19.7.1 - https:\/\/yoast.com\/wordpress\/plugins\/seo\/ -->\n<title>Alpes Franco Suizos - viatgespoblenou<\/title>\n<meta name=\"robots\" content=\"index, follow, max-snippet:-1, max-image-preview:large, max-video-preview:-1\" \/>\n<link rel=\"canonical\" href=\"http:\/\/viatgespoblenou.com\/alps-franc-sui\u0308ssos\/\" \/>\n<meta property=\"og:locale\" content=\"es_ES\" \/>\n<meta property=\"og:type\" content=\"article\" \/>\n<meta property=\"og:title\" content=\"Alpes Franco Suizos - viatgespoblenou\" \/>\n<meta property=\"og:description\" content=\"[vc_row][vc_column width=\u00bb1\/2&#8243;][vc_column_text]Si eres amante de la nieve, \u00a1\u00a1Solic\u00edtanos incluir un d\u00eda de esqu\u00ed en las pistas de Morzine-Avoriaz!! 1er d\u00eda: Escuela &#8211; Noche en ruta 2\u00ba d\u00eda: Ginebra &#8211; Morzine 3er d\u00eda: Yvoire (o Evian) &#8211; Lausana 4\u00ba d\u00eda: Chamonix &#8211; Montblanc 5\u00ba d\u00eda: Annecy &#8211; Chamb\u00e9ry &#8211; Noche en ruta 6\u00ba d\u00eda: Llegada a&hellip;\" \/>\n<meta property=\"og:url\" content=\"http:\/\/viatgespoblenou.com\/alps-franc-sui\u0308ssos\/\" \/>\n<meta property=\"og:site_name\" content=\"viatgespoblenou\" \/>\n<meta property=\"article:publisher\" content=\"https:\/\/es-la.facebook.com\/people\/Viatges-Poblenou\/100001670703933\" \/>\n<meta property=\"article:modified_time\" content=\"2017-08-25T13:32:02+00:00\" \/>\n<meta name=\"twitter:card\" content=\"summary\" \/>\n<meta name=\"twitter:label1\" content=\"Tiempo de lectura\" \/>\n\t<meta name=\"twitter:data1\" content=\"2 minutos\" \/>\n<script type=\"application\/ld+json\" class=\"yoast-schema-graph\">{\"@context\":\"https:\/\/schema.org\",\"@graph\":[{\"@type\":\"WebPage\",\"@id\":\"http:\/\/viatgespoblenou.com\/alps-franc-sui%cc%88ssos\/\",\"url\":\"http:\/\/viatgespoblenou.com\/alps-franc-sui%cc%88ssos\/\",\"name\":\"Alpes Franco Suizos - viatgespoblenou\",\"isPartOf\":{\"@id\":\"http:\/\/viatgespoblenou.com\/#website\"},\"datePublished\":\"2015-09-08T17:59:09+00:00\",\"dateModified\":\"2017-08-25T13:32:02+00:00\",\"breadcrumb\":{\"@id\":\"http:\/\/viatgespoblenou.com\/alps-franc-sui%cc%88ssos\/#breadcrumb\"},\"inLanguage\":\"es\",\"potentialAction\":[{\"@type\":\"ReadAction\",\"target\":[\"http:\/\/viatgespoblenou.com\/alps-franc-sui%cc%88ssos\/\"]}]},{\"@type\":\"BreadcrumbList\",\"@id\":\"http:\/\/viatgespoblenou.com\/alps-franc-sui%cc%88ssos\/#breadcrumb\",\"itemListElement\":[{\"@type\":\"ListItem\",\"position\":1,\"name\":\"Home\",\"item\":\"http:\/\/viatgespoblenou.com\/\"},{\"@type\":\"ListItem\",\"position\":2,\"name\":\"Alps Franc Sui\u0308ssos\"}]},{\"@type\":\"WebSite\",\"@id\":\"http:\/\/viatgespoblenou.com\/#website\",\"url\":\"http:\/\/viatgespoblenou.com\/\",\"name\":\"viatgespoblenou\",\"description\":\"\",\"potentialAction\":[{\"@type\":\"SearchAction\",\"target\":{\"@type\":\"EntryPoint\",\"urlTemplate\":\"http:\/\/viatgespoblenou.com\/?s={search_term_string}\"},\"query-input\":\"required name=search_term_string\"}],\"inLanguage\":\"es\"}]}<\/script>\n<!-- \/ Yoast SEO plugin. -->","yoast_head_json":{"title":"Alpes Franco Suizos - viatgespoblenou","robots":{"index":"index","follow":"follow","max-snippet":"max-snippet:-1","max-image-preview":"max-image-preview:large","max-video-preview":"max-video-preview:-1"},"canonical":"http:\/\/viatgespoblenou.com\/alps-franc-sui\u0308ssos\/","og_locale":"es_ES","og_type":"article","og_title":"Alpes Franco Suizos - viatgespoblenou","og_description":"[vc_row][vc_column width=\u00bb1\/2&#8243;][vc_column_text]Si eres amante de la nieve, \u00a1\u00a1Solic\u00edtanos incluir un d\u00eda de esqu\u00ed en las pistas de Morzine-Avoriaz!! 1er d\u00eda: Escuela &#8211; Noche en ruta 2\u00ba d\u00eda: Ginebra &#8211; Morzine 3er d\u00eda: Yvoire (o Evian) &#8211; Lausana 4\u00ba d\u00eda: Chamonix &#8211; Montblanc 5\u00ba d\u00eda: Annecy &#8211; Chamb\u00e9ry &#8211; Noche en ruta 6\u00ba d\u00eda: Llegada a&hellip;","og_url":"http:\/\/viatgespoblenou.com\/alps-franc-sui\u0308ssos\/","og_site_name":"viatgespoblenou","article_publisher":"https:\/\/es-la.facebook.com\/people\/Viatges-Poblenou\/100001670703933","article_modified_time":"2017-08-25T13:32:02+00:00","twitter_card":"summary","twitter_misc":{"Tiempo de lectura":"2 minutos"},"schema":{"@context":"https:\/\/schema.org","@graph":[{"@type":"WebPage","@id":"http:\/\/viatgespoblenou.com\/alps-franc-sui%cc%88ssos\/","url":"http:\/\/viatgespoblenou.com\/alps-franc-sui%cc%88ssos\/","name":"Alpes Franco Suizos - viatgespoblenou","isPartOf":{"@id":"http:\/\/viatgespoblenou.com\/#website"},"datePublished":"2015-09-08T17:59:09+00:00","dateModified":"2017-08-25T13:32:02+00:00","breadcrumb":{"@id":"http:\/\/viatgespoblenou.com\/alps-franc-sui%cc%88ssos\/#breadcrumb"},"inLanguage":"es","potentialAction":[{"@type":"ReadAction","target":["http:\/\/viatgespoblenou.com\/alps-franc-sui%cc%88ssos\/"]}]},{"@type":"BreadcrumbList","@id":"http:\/\/viatgespoblenou.com\/alps-franc-sui%cc%88ssos\/#breadcrumb","itemListElement":[{"@type":"ListItem","position":1,"name":"Home","item":"http:\/\/viatgespoblenou.com\/"},{"@type":"ListItem","position":2,"name":"Alps Franc Sui\u0308ssos"}]},{"@type":"WebSite","@id":"http:\/\/viatgespoblenou.com\/#website","url":"http:\/\/viatgespoblenou.com\/","name":"viatgespoblenou","description":"","potentialAction":[{"@type":"SearchAction","target":{"@type":"EntryPoint","urlTemplate":"http:\/\/viatgespoblenou.com\/?s={search_term_string}"},"query-input":"required name=search_term_string"}],"inLanguage":"es"}]}},"_links":{"self":[{"href":"http:\/\/viatgespoblenou.com\/es\/wp-json\/wp\/v2\/pages\/36739"}],"collection":[{"href":"http:\/\/viatgespoblenou.com\/es\/wp-json\/wp\/v2\/pages"}],"about":[{"href":"http:\/\/viatgespoblenou.com\/es\/wp-json\/wp\/v2\/types\/page"}],"author":[{"embeddable":true,"href":"http:\/\/viatgespoblenou.com\/es\/wp-json\/wp\/v2\/users\/1"}],"replies":[{"embeddable":true,"href":"http:\/\/viatgespoblenou.com\/es\/wp-json\/wp\/v2\/comments?post=36739"}],"version-history":[{"count":7,"href":"http:\/\/viatgespoblenou.com\/es\/wp-json\/wp\/v2\/pages\/36739\/revisions"}],"predecessor-version":[{"id":37879,"href":"http:\/\/viatgespoblenou.com\/es\/wp-json\/wp\/v2\/pages\/36739\/revisions\/37879"}],"wp:attachment":[{"href":"http:\/\/viatgespoblenou.com\/es\/wp-json\/wp\/v2\/media?parent=36739"}],"curies":[{"name":"wp","href":"https:\/\/api.w.org\/{rel}","templated":true}]}}