{"id":36098,"date":"2015-05-18T08:01:32","date_gmt":"2015-05-18T08:01:32","guid":{"rendered":"http:\/\/viatgespoblenou.com\/?page_id=36098"},"modified":"2017-02-12T14:48:40","modified_gmt":"2017-02-12T14:48:40","slug":"colonies-d-estiu-treball-de-sintesi","status":"publish","type":"page","link":"http:\/\/viatgespoblenou.com\/es\/colonies\/colonies-d-estiu-treball-de-sintesi\/","title":{"rendered":"Trabajo de s\u00edntesis"},"content":{"rendered":"<section class=\"wpb-content-wrapper\"><p>[vc_row full_width=\u00bb\u00bb margin_top=\u00bb0&#8243; margin_bottom=\u00bb0&#8243; padding_left=\u00bb0&#8243; padding_right=\u00bb0&#8243; bg_position=\u00bbtop\u00bb bg_repeat=\u00bbno-repeat\u00bb bg_cover=\u00bbfalse\u00bb bg_attachment=\u00bbfalse\u00bb padding_top=\u00bb0&#8243; padding_bottom=\u00bb0&#8243; enable_parallax=\u00bb\u00bb parallax_speed=\u00bb0.1&#8243; bg_type=\u00bbno_bg\u00bb bg_grad=\u00bbbackground: -webkit-gradient(linear, left top, left bottom, color-stop(0%, #E3E3E3));background: -moz-linear-gradient(top,#E3E3E3 0%);background: -webkit-linear-gradient(top,#E3E3E3 0%);background: -o-linear-gradient(top,#E3E3E3 0%);background: -ms-linear-gradient(top,#E3E3E3 0%);background: linear-gradient(top,#E3E3E3 0%);\u00bb parallax_style=\u00bbvcpb-default\u00bb bg_image_repeat=\u00bbrepeat\u00bb bg_image_size=\u00bbcover\u00bb bg_img_attach=\u00bbscroll\u00bb parallax_sense=\u00bb30&#8243; animation_direction=\u00bbleft-animation\u00bb animation_repeat=\u00bbrepeat\u00bb video_opts=\u00bb\u00bb viewport_vdo=\u00bboff\u00bb enable_controls=\u00bboff\u00bb bg_override=\u00bb0&#8243; parallax_content_sense=\u00bb30&#8243; fadeout_start_effect=\u00bb30&#8243; overlay_pattern_opacity=\u00bb80&#8243; overlay_pattern_attachment=\u00bbfixed\u00bb multi_color_overlay=\u00bb\u00bb multi_color_overlay_opacity=\u00bb60&#8243; seperator_type=\u00bbnone_seperator\u00bb seperator_position=\u00bbtop_seperator\u00bb seperator_shape_size=\u00bb40&#8243; seperator_svg_height=\u00bb60&#8243; seperator_shape_background=\u00bb#ffffff\u00bb seperator_shape_border=\u00bbnone\u00bb seperator_shape_border_width=\u00bb1&#8243; icon_type=\u00bbno_icon\u00bb icon_size=\u00bb32&#8243; icon_style=\u00bbnone\u00bb icon_color_border=\u00bb#333333&#8243; icon_border_size=\u00bb1&#8243; icon_border_radius=\u00bb500&#8243; icon_border_spacing=\u00bb50&#8243; img_width=\u00bb48&#8243; ult_hide_row_large_screen=\u00bboff\u00bb ult_hide_row_desktop=\u00bboff\u00bb ult_hide_row_tablet=\u00bboff\u00bb ult_hide_row_tablet_small=\u00bboff\u00bb ult_hide_row_mobile=\u00bboff\u00bb ult_hide_row_mobile_large=\u00bboff\u00bb][vc_column width=\u00bb1\/3&#8243;][vc_single_image image=\u00bb36880&#8243; border_color=\u00bbgrey\u00bb img_link_large=\u00bb\u00bb img_link_target=\u00bb_self\u00bb img_size=\u00bbfull\u00bb][vc_empty_space height=\u00bb40px\u00bb][vc_single_image image=\u00bb36881&#8243; border_color=\u00bbgrey\u00bb img_link_large=\u00bb\u00bb img_link_target=\u00bb_self\u00bb img_size=\u00bbfull\u00bb][vc_empty_space height=\u00bb40px\u00bb][\/vc_column][vc_column width=\u00bb7\/12&#8243;][vc_column_text]<\/p>\n<h3><strong><span class=\"lletracoordinacio4\">Trabajo de S\u00edntesis &#8211; Nuestro mar<\/span><\/strong><span class=\"lletracoordinacio4\"><strong> (trabajo totalmente adaptable a las necesidades de la escuela)<\/strong> <\/span><\/h3>\n<p>Trabajo formado por seis bloques relacionados con el entorno geogr\u00e1fico: el Mediterr\u00e1neo, su flora y fauna, la climatolog\u00eda y los recursos de la zona.<\/p>\n<p>Descubriremos los secretos del mar, las costas catalanas, su fauna aut\u00f3ctona, las diferentes artes de pesca, etc. (En los 2 centros)<\/p>\n<p class=\"lletracoordinacio2\"><strong>Hablaremos sobre los siguientes temas:<\/strong><\/p>\n<ul>\n<li>La situaci\u00f3n geogr\u00e1fica de nuestra casa de colonias, recursos de la zona y ejercicios sobre mapas.<\/li>\n<li>Un paseo por la historia: veremos las diferentes civilizaciones que han poblado nuestra tierra y los restos que hemos heredado.<\/li>\n<li>La climatolog\u00eda de la zona, temperatura del agua, la rosa de los vientos y realizaci\u00f3n de un climograma.<\/li>\n<li>El puerto y las artes de pesca. En una visita al puerto, podremos ver los diferentes tipos de embarcaciones y sus artes, as\u00ed como la lonja con el pescado que entra.<\/li>\n<li>Los peces. Clasificaremos los peces vertebrados, su morfolog\u00eda y su reproducci\u00f3n, todo ello\u00a0con preguntas de tipo test y un crucigrama que nos ayudar\u00e1n a entenderlo m\u00e1s f\u00e1cilmente.<\/li>\n<li>Nudos marineros. Taller donde aprenderemos a hacer nudos marineros, conoceremos su uso y su resistencia.<\/li>\n<li>La posidonia. Entenderemos su funci\u00f3n, importancia y efecto sobre nuestro ecosistema. Lectura y comprensi\u00f3n en ingl\u00e9s.<\/li>\n<li>El cuaderno de bit\u00e1cora ser\u00e1 el resumen de todo el d\u00eda, explicando en castellano-catal\u00e1n todo lo que nos ha pasado y hemos hecho.<\/li>\n<li>Junto a\u00a0los temas, realizaremos una serie de actividades pr\u00e1cticas relacionadas con el trabajo:<\/li>\n<li>Visita a la playa y recogida de muestras animales y vegetales para poder clasificarlas y analizarlas.<\/li>\n<li>Construcci\u00f3n de una depuradora de agua casera con una botella de pl\u00e1stico.<\/li>\n<li>Visita a las diferentes instalaciones del puerto.<\/li>\n<li>Disecci\u00f3n de un pez para conocer sus partes.<\/li>\n<li>Snorkeling por la cala con aletas, gafas y neoprenos, para ver la posidonia y otras especies marinas.<\/li>\n<li>Salida a medir la temperatura del agua en superficie, la profundidad y su visibilidad.<\/li>\n<li>Trabajaremos diferentes nudos marineros.<\/li>\n<\/ul>\n<p>[\/vc_column_text][\/vc_column][\/vc_row][vc_row][vc_column width=\u00bb1\/1&#8243;][vc_empty_space height=\u00bb70px\u00bb][\/vc_column][\/vc_row]<\/p>\n<\/section>","protected":false},"excerpt":{"rendered":"<p>[vc_row full_width=\u00bb\u00bb margin_top=\u00bb0&#8243; margin_bottom=\u00bb0&#8243; padding_left=\u00bb0&#8243; padding_right=\u00bb0&#8243; bg_position=\u00bbtop\u00bb bg_repeat=\u00bbno-repeat\u00bb bg_cover=\u00bbfalse\u00bb bg_attachment=\u00bbfalse\u00bb padding_top=\u00bb0&#8243; padding_bottom=\u00bb0&#8243; enable_parallax=\u00bb\u00bb parallax_speed=\u00bb0.1&#8243; bg_type=\u00bbno_bg\u00bb bg_grad=\u00bbbackground: -webkit-gradient(linear, left top, left bottom, color-stop(0%, #E3E3E3));background: -moz-linear-gradient(top,#E3E3E3 0%);background: -webkit-linear-gradient(top,#E3E3E3 0%);background: -o-linear-gradient(top,#E3E3E3 0%);background: -ms-linear-gradient(top,#E3E3E3 0%);background: linear-gradient(top,#E3E3E3 0%);\u00bb parallax_style=\u00bbvcpb-default\u00bb bg_image_repeat=\u00bbrepeat\u00bb bg_image_size=\u00bbcover\u00bb bg_img_attach=\u00bbscroll\u00bb parallax_sense=\u00bb30&#8243; animation_direction=\u00bbleft-animation\u00bb animation_repeat=\u00bbrepeat\u00bb video_opts=\u00bb\u00bb viewport_vdo=\u00bboff\u00bb enable_controls=\u00bboff\u00bb bg_override=\u00bb0&#8243; parallax_content_sense=\u00bb30&#8243; fadeout_start_effect=\u00bb30&#8243; overlay_pattern_opacity=\u00bb80&#8243; overlay_pattern_attachment=\u00bbfixed\u00bb multi_color_overlay=\u00bb\u00bb multi_color_overlay_opacity=\u00bb60&#8243; seperator_type=\u00bbnone_seperator\u00bb seperator_position=\u00bbtop_seperator\u00bb seperator_shape_size=\u00bb40&#8243; seperator_svg_height=\u00bb60&#8243; seperator_shape_background=\u00bb#ffffff\u00bb&hellip;<\/p>\n","protected":false},"author":1,"featured_media":0,"parent":36063,"menu_order":0,"comment_status":"closed","ping_status":"closed","template":"","meta":[],"yoast_head":"<!-- This site is optimized with the Yoast SEO plugin v19.7.1 - https:\/\/yoast.com\/wordpress\/plugins\/seo\/ -->\n<title>Trabajo de s\u00edntesis - viatgespoblenou<\/title>\n<meta name=\"robots\" content=\"index, follow, max-snippet:-1, max-image-preview:large, max-video-preview:-1\" \/>\n<link rel=\"canonical\" href=\"http:\/\/viatgespoblenou.com\/colonies\/colonies-d-estiu-treball-de-sintesi\/\" \/>\n<meta property=\"og:locale\" content=\"es_ES\" \/>\n<meta property=\"og:type\" content=\"article\" \/>\n<meta property=\"og:title\" content=\"Trabajo de s\u00edntesis - viatgespoblenou\" \/>\n<meta property=\"og:description\" content=\"[vc_row full_width=\u00bb\u00bb margin_top=\u00bb0&#8243; margin_bottom=\u00bb0&#8243; padding_left=\u00bb0&#8243; padding_right=\u00bb0&#8243; bg_position=\u00bbtop\u00bb bg_repeat=\u00bbno-repeat\u00bb bg_cover=\u00bbfalse\u00bb bg_attachment=\u00bbfalse\u00bb padding_top=\u00bb0&#8243; padding_bottom=\u00bb0&#8243; enable_parallax=\u00bb\u00bb parallax_speed=\u00bb0.1&#8243; bg_type=\u00bbno_bg\u00bb bg_grad=\u00bbbackground: -webkit-gradient(linear, left top, left bottom, color-stop(0%, #E3E3E3));background: -moz-linear-gradient(top,#E3E3E3 0%);background: -webkit-linear-gradient(top,#E3E3E3 0%);background: -o-linear-gradient(top,#E3E3E3 0%);background: -ms-linear-gradient(top,#E3E3E3 0%);background: linear-gradient(top,#E3E3E3 0%);\u00bb parallax_style=\u00bbvcpb-default\u00bb bg_image_repeat=\u00bbrepeat\u00bb bg_image_size=\u00bbcover\u00bb bg_img_attach=\u00bbscroll\u00bb parallax_sense=\u00bb30&#8243; animation_direction=\u00bbleft-animation\u00bb animation_repeat=\u00bbrepeat\u00bb video_opts=\u00bb\u00bb viewport_vdo=\u00bboff\u00bb enable_controls=\u00bboff\u00bb bg_override=\u00bb0&#8243; parallax_content_sense=\u00bb30&#8243; fadeout_start_effect=\u00bb30&#8243; overlay_pattern_opacity=\u00bb80&#8243; overlay_pattern_attachment=\u00bbfixed\u00bb multi_color_overlay=\u00bb\u00bb multi_color_overlay_opacity=\u00bb60&#8243; seperator_type=\u00bbnone_seperator\u00bb seperator_position=\u00bbtop_seperator\u00bb seperator_shape_size=\u00bb40&#8243; seperator_svg_height=\u00bb60&#8243; seperator_shape_background=\u00bb#ffffff\u00bb&hellip;\" \/>\n<meta property=\"og:url\" content=\"http:\/\/viatgespoblenou.com\/colonies\/colonies-d-estiu-treball-de-sintesi\/\" \/>\n<meta property=\"og:site_name\" content=\"viatgespoblenou\" \/>\n<meta property=\"article:publisher\" content=\"https:\/\/es-la.facebook.com\/people\/Viatges-Poblenou\/100001670703933\" \/>\n<meta property=\"article:modified_time\" content=\"2017-02-12T14:48:40+00:00\" \/>\n<meta name=\"twitter:card\" content=\"summary\" \/>\n<meta name=\"twitter:label1\" content=\"Tiempo de lectura\" \/>\n\t<meta name=\"twitter:data1\" content=\"7 minutos\" \/>\n<script type=\"application\/ld+json\" class=\"yoast-schema-graph\">{\"@context\":\"https:\/\/schema.org\",\"@graph\":[{\"@type\":\"WebPage\",\"@id\":\"http:\/\/viatgespoblenou.com\/colonies\/colonies-d-estiu-treball-de-sintesi\/\",\"url\":\"http:\/\/viatgespoblenou.com\/colonies\/colonies-d-estiu-treball-de-sintesi\/\",\"name\":\"Trabajo de s\u00edntesis - viatgespoblenou\",\"isPartOf\":{\"@id\":\"http:\/\/viatgespoblenou.com\/#website\"},\"datePublished\":\"2015-05-18T08:01:32+00:00\",\"dateModified\":\"2017-02-12T14:48:40+00:00\",\"breadcrumb\":{\"@id\":\"http:\/\/viatgespoblenou.com\/colonies\/colonies-d-estiu-treball-de-sintesi\/#breadcrumb\"},\"inLanguage\":\"es\",\"potentialAction\":[{\"@type\":\"ReadAction\",\"target\":[\"http:\/\/viatgespoblenou.com\/colonies\/colonies-d-estiu-treball-de-sintesi\/\"]}]},{\"@type\":\"BreadcrumbList\",\"@id\":\"http:\/\/viatgespoblenou.com\/colonies\/colonies-d-estiu-treball-de-sintesi\/#breadcrumb\",\"itemListElement\":[{\"@type\":\"ListItem\",\"position\":1,\"name\":\"Home\",\"item\":\"http:\/\/viatgespoblenou.com\/\"},{\"@type\":\"ListItem\",\"position\":2,\"name\":\"Col\u00f2nies\",\"item\":\"http:\/\/viatgespoblenou.com\/colonies\/\"},{\"@type\":\"ListItem\",\"position\":3,\"name\":\"Col\u00f2nies d\u2019estiu &#8211; Treball de s\u00edntesi\"}]},{\"@type\":\"WebSite\",\"@id\":\"http:\/\/viatgespoblenou.com\/#website\",\"url\":\"http:\/\/viatgespoblenou.com\/\",\"name\":\"viatgespoblenou\",\"description\":\"\",\"potentialAction\":[{\"@type\":\"SearchAction\",\"target\":{\"@type\":\"EntryPoint\",\"urlTemplate\":\"http:\/\/viatgespoblenou.com\/?s={search_term_string}\"},\"query-input\":\"required name=search_term_string\"}],\"inLanguage\":\"es\"}]}<\/script>\n<!-- \/ Yoast SEO plugin. -->","yoast_head_json":{"title":"Trabajo de s\u00edntesis - viatgespoblenou","robots":{"index":"index","follow":"follow","max-snippet":"max-snippet:-1","max-image-preview":"max-image-preview:large","max-video-preview":"max-video-preview:-1"},"canonical":"http:\/\/viatgespoblenou.com\/colonies\/colonies-d-estiu-treball-de-sintesi\/","og_locale":"es_ES","og_type":"article","og_title":"Trabajo de s\u00edntesis - viatgespoblenou","og_description":"[vc_row full_width=\u00bb\u00bb margin_top=\u00bb0&#8243; margin_bottom=\u00bb0&#8243; padding_left=\u00bb0&#8243; padding_right=\u00bb0&#8243; bg_position=\u00bbtop\u00bb bg_repeat=\u00bbno-repeat\u00bb bg_cover=\u00bbfalse\u00bb bg_attachment=\u00bbfalse\u00bb padding_top=\u00bb0&#8243; padding_bottom=\u00bb0&#8243; enable_parallax=\u00bb\u00bb parallax_speed=\u00bb0.1&#8243; bg_type=\u00bbno_bg\u00bb bg_grad=\u00bbbackground: -webkit-gradient(linear, left top, left bottom, color-stop(0%, #E3E3E3));background: -moz-linear-gradient(top,#E3E3E3 0%);background: -webkit-linear-gradient(top,#E3E3E3 0%);background: -o-linear-gradient(top,#E3E3E3 0%);background: -ms-linear-gradient(top,#E3E3E3 0%);background: linear-gradient(top,#E3E3E3 0%);\u00bb parallax_style=\u00bbvcpb-default\u00bb bg_image_repeat=\u00bbrepeat\u00bb bg_image_size=\u00bbcover\u00bb bg_img_attach=\u00bbscroll\u00bb parallax_sense=\u00bb30&#8243; animation_direction=\u00bbleft-animation\u00bb animation_repeat=\u00bbrepeat\u00bb video_opts=\u00bb\u00bb viewport_vdo=\u00bboff\u00bb enable_controls=\u00bboff\u00bb bg_override=\u00bb0&#8243; parallax_content_sense=\u00bb30&#8243; fadeout_start_effect=\u00bb30&#8243; overlay_pattern_opacity=\u00bb80&#8243; overlay_pattern_attachment=\u00bbfixed\u00bb multi_color_overlay=\u00bb\u00bb multi_color_overlay_opacity=\u00bb60&#8243; seperator_type=\u00bbnone_seperator\u00bb seperator_position=\u00bbtop_seperator\u00bb seperator_shape_size=\u00bb40&#8243; seperator_svg_height=\u00bb60&#8243; seperator_shape_background=\u00bb#ffffff\u00bb&hellip;","og_url":"http:\/\/viatgespoblenou.com\/colonies\/colonies-d-estiu-treball-de-sintesi\/","og_site_name":"viatgespoblenou","article_publisher":"https:\/\/es-la.facebook.com\/people\/Viatges-Poblenou\/100001670703933","article_modified_time":"2017-02-12T14:48:40+00:00","twitter_card":"summary","twitter_misc":{"Tiempo de lectura":"7 minutos"},"schema":{"@context":"https:\/\/schema.org","@graph":[{"@type":"WebPage","@id":"http:\/\/viatgespoblenou.com\/colonies\/colonies-d-estiu-treball-de-sintesi\/","url":"http:\/\/viatgespoblenou.com\/colonies\/colonies-d-estiu-treball-de-sintesi\/","name":"Trabajo de s\u00edntesis - viatgespoblenou","isPartOf":{"@id":"http:\/\/viatgespoblenou.com\/#website"},"datePublished":"2015-05-18T08:01:32+00:00","dateModified":"2017-02-12T14:48:40+00:00","breadcrumb":{"@id":"http:\/\/viatgespoblenou.com\/colonies\/colonies-d-estiu-treball-de-sintesi\/#breadcrumb"},"inLanguage":"es","potentialAction":[{"@type":"ReadAction","target":["http:\/\/viatgespoblenou.com\/colonies\/colonies-d-estiu-treball-de-sintesi\/"]}]},{"@type":"BreadcrumbList","@id":"http:\/\/viatgespoblenou.com\/colonies\/colonies-d-estiu-treball-de-sintesi\/#breadcrumb","itemListElement":[{"@type":"ListItem","position":1,"name":"Home","item":"http:\/\/viatgespoblenou.com\/"},{"@type":"ListItem","position":2,"name":"Col\u00f2nies","item":"http:\/\/viatgespoblenou.com\/colonies\/"},{"@type":"ListItem","position":3,"name":"Col\u00f2nies d\u2019estiu &#8211; Treball de s\u00edntesi"}]},{"@type":"WebSite","@id":"http:\/\/viatgespoblenou.com\/#website","url":"http:\/\/viatgespoblenou.com\/","name":"viatgespoblenou","description":"","potentialAction":[{"@type":"SearchAction","target":{"@type":"EntryPoint","urlTemplate":"http:\/\/viatgespoblenou.com\/?s={search_term_string}"},"query-input":"required name=search_term_string"}],"inLanguage":"es"}]}},"_links":{"self":[{"href":"http:\/\/viatgespoblenou.com\/es\/wp-json\/wp\/v2\/pages\/36098"}],"collection":[{"href":"http:\/\/viatgespoblenou.com\/es\/wp-json\/wp\/v2\/pages"}],"about":[{"href":"http:\/\/viatgespoblenou.com\/es\/wp-json\/wp\/v2\/types\/page"}],"author":[{"embeddable":true,"href":"http:\/\/viatgespoblenou.com\/es\/wp-json\/wp\/v2\/users\/1"}],"replies":[{"embeddable":true,"href":"http:\/\/viatgespoblenou.com\/es\/wp-json\/wp\/v2\/comments?post=36098"}],"version-history":[{"count":6,"href":"http:\/\/viatgespoblenou.com\/es\/wp-json\/wp\/v2\/pages\/36098\/revisions"}],"predecessor-version":[{"id":37541,"href":"http:\/\/viatgespoblenou.com\/es\/wp-json\/wp\/v2\/pages\/36098\/revisions\/37541"}],"up":[{"embeddable":true,"href":"http:\/\/viatgespoblenou.com\/es\/wp-json\/wp\/v2\/pages\/36063"}],"wp:attachment":[{"href":"http:\/\/viatgespoblenou.com\/es\/wp-json\/wp\/v2\/media?parent=36098"}],"curies":[{"name":"wp","href":"https:\/\/api.w.org\/{rel}","templated":true}]}}